{"id":16432,"date":"2021-02-16T00:59:26","date_gmt":"2021-02-15T23:59:26","guid":{"rendered":"http:\/\/www.przedszkole435.waw.pl\/pelczynskiego\/?page_id=16432"},"modified":"2025-03-06T12:56:47","modified_gmt":"2025-03-06T11:56:47","slug":"mapa-strony","status":"publish","type":"page","link":"https:\/\/www.przedszkole435.waw.pl\/pelczynskiego\/mapa-strony\/","title":{"rendered":"Mapa strony"},"content":{"rendered":"<ul>\n<li>\n<h3><a href=\"http:\/\/www.przedszkole435.waw.pl\/pelczynskiego\/o-nas\/\">O nas<\/a><\/h3>\n<ul>\n<li>\n<h3><a href=\"http:\/\/www.przedszkole435.waw.pl\/pelczynskiego\/o-nas\/misja\/\">Misja<\/a><\/h3>\n<\/li>\n<li>\n<h3><a href=\"http:\/\/www.przedszkole435.waw.pl\/pelczynskiego\/o-nas\/pracownicy\/\">Pracownicy<\/a><\/h3>\n<\/li>\n<li>\n<h3><a href=\"http:\/\/www.przedszkole435.waw.pl\/pelczynskiego\/o-nas\/podstawa-programowa\/\">Podstawa programowa<\/a><\/h3>\n<\/li>\n<\/ul>\n<\/li>\n<li>\n<h3>Rodzice<\/h3>\n<ul>\n<li>\n<h3><a href=\"http:\/\/www.przedszkole435.waw.pl\/pelczynskiego\/rodzice\/oplaty\/\">Op\u0142aty<\/a><\/h3>\n<\/li>\n<li>\n<h3><a href=\"http:\/\/www.przedszkole435.waw.pl\/pelczynskiego\/rodzice\/jadlospis\/\">Jad\u0142ospis<\/a><\/h3>\n<\/li>\n<li>\n<h3><a href=\"http:\/\/www.przedszkole435.waw.pl\/pelczynskiego\/rodzice\/kacik-logopedyczny\/\">K\u0105cik logopedyczny<\/a><\/h3>\n<ul>\n<li>\n<h3><a href=\"http:\/\/www.przedszkole435.waw.pl\/pelczynskiego\/rodzice\/kacik-logopedyczny\/artykuly-logopedyczne\/\">Artyku\u0142y logopedyczne<\/a><\/h3>\n<\/li>\n<li>\n<h3><a href=\"http:\/\/www.przedszkole435.waw.pl\/pelczynskiego\/rodzice\/kacik-logopedyczny\/ogloszenia\/\">Og\u0142oszenia<\/a><\/h3>\n<\/li>\n<\/ul>\n<\/li>\n<li>\n<h3><a href=\"http:\/\/www.przedszkole435.waw.pl\/pelczynskiego\/rodzice\/jezyk-angielski\/\">J\u0119zyk Angielski<\/a><\/h3>\n<\/li>\n<li>\n<h3><a href=\"http:\/\/www.przedszkole435.waw.pl\/pelczynskiego\/rodzice\/dokumenty\/\">Dokumenty<\/a><\/h3>\n<\/li>\n<li>\n<h3><a href=\"http:\/\/www.przedszkole435.waw.pl\/pelczynskiego\/rodzice\/rekrutacja-do-przedszkola\/\">Rekrutacja do przedszkola<\/a><\/h3>\n<\/li>\n<li>\n<h3><a href=\"http:\/\/www.przedszkole435.waw.pl\/pelczynskiego\/rodzice\/rekrutacja-na-dyzur-wakacyjny\/\">Praca przedszkola w lipcu i sierpniu<\/a><\/h3>\n<\/li>\n<\/ul>\n<\/li>\n<li>\n<h3>Organizacja<\/h3>\n<ul>\n<li>\n<h3><a href=\"http:\/\/www.przedszkole435.waw.pl\/pelczynskiego\/organizacja\/programy-edukacyjne\/\">Programy edukacyjne<\/a><\/h3>\n<\/li>\n<li>\n<h3><a href=\"http:\/\/www.przedszkole435.waw.pl\/pelczynskiego\/organizacja\/harmonogram-dnia\/\">Harmonogram dnia<\/a><\/h3>\n<\/li>\n<li>\n<h3><a href=\"http:\/\/www.przedszkole435.waw.pl\/pelczynskiego\/organizacja\/zajecia-dodatkowe\/\">Zaj\u0119cia dodatkowe<\/a><\/h3>\n<\/li>\n<li>\n<h3><a href=\"http:\/\/www.przedszkole435.waw.pl\/pelczynskiego\/organizacja\/teatrzyki-i-imprezy\/\">Teatrzyki i imprezy<\/a><\/h3>\n<\/li>\n<\/ul>\n<\/li>\n<li>\n<h3><a href=\"http:\/\/www.przedszkole435.waw.pl\/pelczynskiego\/aktualnosci\/\">Aktualno\u015bci<\/a><\/h3>\n<ul>\n<li>\n<h3><a href=\"http:\/\/www.przedszkole435.waw.pl\/pelczynskiego\/aktualnosci\/projekty-i-osiagniecia\/\">Projekty i osi\u0105gni\u0119cia<\/a><\/h3>\n<\/li>\n<\/ul>\n<\/li>\n<li>\n<h3><a href=\"http:\/\/www.przedszkole435.waw.pl\/pelczynskiego\/grupy\/\">Oddzia\u0142y<\/a><\/h3>\n<\/li>\n<li>\n<h3><a href=\"http:\/\/www.przedszkole435.waw.pl\/pelczynskiego\/kontakt\/\">Kontakt<\/a><\/h3>\n<\/li>\n<li>\n<h3><a href=\"http:\/\/www.przedszkole435.waw.pl\/pelczynskiego\/iodo\/\">Inspektor Ochrony Danych Osobowych<\/a><\/h3>\n<\/li>\n<li>\n<h3><a href=\"http:\/\/www.przedszkole435.waw.pl\/pelczynskiego\/koronawirus\/\">Koronawirus<\/a><\/h3>\n<\/li>\n<li>\n<h3><a href=\"http:\/\/www.przedszkole435.waw.pl\/deklaracja-dostepnosci\/\">Deklaracja dost\u0119pno\u015bci<\/a><\/h3>\n<\/li>\n<li>\n<h3><a href=\"http:\/\/przedszkole435.bip.um.warszawa.pl\/\">Biuletyn Informacji Publicznej<\/a><\/h3>\n<\/li>\n<\/ul>\n","protected":false},"excerpt":{"rendered":"<p>O nas Misja Pracownicy Podstawa programowa Rodzice Op\u0142aty Jad\u0142ospis K\u0105cik logopedyczny Artyku\u0142y logopedyczne Og\u0142oszenia J\u0119zyk Angielski Dokumenty Rekrutacja do przedszkola Praca przedszkola w lipcu i sierpniu Organizacja Programy edukacyjne Harmonogram dnia Zaj\u0119cia dodatkowe Teatrzyki i imprezy Aktualno\u015bci Projekty i osi\u0105gni\u0119cia Oddzia\u0142y Kontakt Inspektor Ochrony Danych Osobowych Koronawirus Deklaracja dost\u0119pno\u015bci Biuletyn Informacji Publicznej<\/p>\n","protected":false},"author":1,"featured_media":0,"parent":0,"menu_order":0,"comment_status":"closed","ping_status":"closed","template":"","meta":{"footnotes":"","_links_to":"","_links_to_target":""},"class_list":["post-16432","page","type-page","status-publish","hentry"],"_links":{"self":[{"href":"https:\/\/www.przedszkole435.waw.pl\/pelczynskiego\/wp-json\/wp\/v2\/pages\/16432","targetHints":{"allow":["GET"]}}],"collection":[{"href":"https:\/\/www.przedszkole435.waw.pl\/pelczynskiego\/wp-json\/wp\/v2\/pages"}],"about":[{"href":"https:\/\/www.przedszkole435.waw.pl\/pelczynskiego\/wp-json\/wp\/v2\/types\/page"}],"author":[{"embeddable":true,"href":"https:\/\/www.przedszkole435.waw.pl\/pelczynskiego\/wp-json\/wp\/v2\/users\/1"}],"replies":[{"embeddable":true,"href":"https:\/\/www.przedszkole435.waw.pl\/pelczynskiego\/wp-json\/wp\/v2\/comments?post=16432"}],"version-history":[{"count":3,"href":"https:\/\/www.przedszkole435.waw.pl\/pelczynskiego\/wp-json\/wp\/v2\/pages\/16432\/revisions"}],"predecessor-version":[{"id":16435,"href":"https:\/\/www.przedszkole435.waw.pl\/pelczynskiego\/wp-json\/wp\/v2\/pages\/16432\/revisions\/16435"}],"wp:attachment":[{"href":"https:\/\/www.przedszkole435.waw.pl\/pelczynskiego\/wp-json\/wp\/v2\/media?parent=16432"}],"curies":[{"name":"wp","href":"https:\/\/api.w.org\/{rel}","templated":true}]}}